{"id":1803,"date":"2023-08-29T14:01:24","date_gmt":"2023-08-29T12:01:24","guid":{"rendered":"https:\/\/www.bhd-mr-westfalen.de\/landesverband\/?page_id=1803"},"modified":"2026-03-09T17:28:56","modified_gmt":"2026-03-09T16:28:56","slug":"news","status":"publish","type":"page","link":"https:\/\/www.bhd-mr-westfalen.de\/landesverband\/news\/","title":{"rendered":"News"},"content":{"rendered":"\t\t<div data-elementor-type=\"wp-page\" data-elementor-id=\"1803\" class=\"elementor elementor-1803\" data-elementor-post-type=\"page\">\n\t\t\t\t<div class=\"elementor-element elementor-element-155e1983 e-con-full e-flex e-con e-parent\" data-id=\"155e1983\" data-element_type=\"container\" data-e-type=\"container\">\n\t\t<div class=\"elementor-element elementor-element-ed22d7d e-con-full e-flex e-con e-child\" data-id=\"ed22d7d\" data-element_type=\"container\" data-e-type=\"container\" data-settings=\"{&quot;background_background&quot;:&quot;classic&quot;}\">\n\t\t\t\t<div class=\"elementor-element elementor-element-30e1e9f0 elementor-widget elementor-widget-heading\" data-id=\"30e1e9f0\" data-element_type=\"widget\" data-e-type=\"widget\" data-widget_type=\"heading.default\">\n\t\t\t\t<div class=\"elementor-widget-container\">\n\t\t\t\t\t<h1 class=\"elementor-heading-title elementor-size-default\">News und Termine<\/h1>\t\t\t\t<\/div>\n\t\t\t\t<\/div>\n\t\t\t\t<\/div>\n\t\t<div class=\"elementor-element elementor-element-52b2b1ac e-con-full e-flex e-con e-child\" data-id=\"52b2b1ac\" data-element_type=\"container\" data-e-type=\"container\">\n\t\t\t\t<div class=\"elementor-element elementor-element-66ec0511 elementor-widget elementor-widget-image\" data-id=\"66ec0511\" data-element_type=\"widget\" data-e-type=\"widget\" data-widget_type=\"image.default\">\n\t\t\t\t<div class=\"elementor-widget-container\">\n\t\t\t\t\t\t\t\t\t\t\t\t\t\t\t<img fetchpriority=\"high\" decoding=\"async\" width=\"1917\" height=\"48\" src=\"https:\/\/www.bhd-mr-westfalen.de\/landesverband\/wp-content\/uploads\/sites\/10\/2023\/09\/top-slider-papierkante-textur-unten-1-1.png\" class=\"attachment-full size-full wp-image-2604\" alt=\"\" srcset=\"https:\/\/www.bhd-mr-westfalen.de\/landesverband\/wp-content\/uploads\/sites\/10\/2023\/09\/top-slider-papierkante-textur-unten-1-1.png 1917w, https:\/\/www.bhd-mr-westfalen.de\/landesverband\/wp-content\/uploads\/sites\/10\/2023\/09\/top-slider-papierkante-textur-unten-1-1-300x8.png 300w, https:\/\/www.bhd-mr-westfalen.de\/landesverband\/wp-content\/uploads\/sites\/10\/2023\/09\/top-slider-papierkante-textur-unten-1-1-1024x26.png 1024w, https:\/\/www.bhd-mr-westfalen.de\/landesverband\/wp-content\/uploads\/sites\/10\/2023\/09\/top-slider-papierkante-textur-unten-1-1-768x19.png 768w, https:\/\/www.bhd-mr-westfalen.de\/landesverband\/wp-content\/uploads\/sites\/10\/2023\/09\/top-slider-papierkante-textur-unten-1-1-1536x38.png 1536w\" sizes=\"(max-width: 1917px) 100vw, 1917px\">\t\t\t\t\t\t\t\t\t\t\t\t\t\t\t<\/div>\n\t\t\t\t<\/div>\n\t\t\t\t<\/div>\n\t\t\t\t<\/div>\n\t\t<div class=\"elementor-element elementor-element-8510238 e-flex e-con-boxed e-con e-parent\" data-id=\"8510238\" data-element_type=\"container\" data-e-type=\"container\" data-settings=\"{&quot;background_background&quot;:&quot;classic&quot;}\">\n\t\t\t\t\t<div class=\"e-con-inner\">\n\t\t\t\t<div class=\"elementor-element elementor-element-7d79d0b premium-blog-align-left elementor-widget elementor-widget-premium-addon-blog\" data-id=\"7d79d0b\" data-element_type=\"widget\" data-e-type=\"widget\" data-settings=\"{&quot;premium_blog_columns_number&quot;:&quot;33.33%&quot;,&quot;premium_blog_infinite_scroll&quot;:&quot;yes&quot;,&quot;filter_flag&quot;:&quot;cat&quot;,&quot;premium_blog_grid&quot;:&quot;yes&quot;,&quot;premium_blog_layout&quot;:&quot;even&quot;,&quot;premium_blog_columns_number_tablet&quot;:&quot;50%&quot;,&quot;premium_blog_columns_number_mobile&quot;:&quot;100%&quot;,&quot;scroll_to_offset&quot;:&quot;yes&quot;}\" data-widget_type=\"premium-addon-blog.default\">\n\t\t\t\t<div class=\"elementor-widget-container\">\n\t\t\t\t\t\n\t\t\t\t\t\t\t<div class=\"premium-blog-filter\">\n\t\t\t<ul class=\"premium-blog-filters-container\">\n\t\t\t\t\t\t\t\t\t<li>\n\t\t\t\t\t\t<a href=\"javascript:;\" class=\"category active\" data-filter=\"*\">\n\t\t\t\t\t\t\tAlle\t\t\t\t\t\t<\/a>\n\t\t\t\t\t<\/li>\n\t\t\t\t\t\t\t\t\t\t\t\t\t\t<li>\n\t\t\t\t\t\t\t<a href=\"javascript:;\" class=\"category\" data-filter=\"allgemein\">\n\t\t\t\t\t\t\t\tAllgemein\t\t\t\t\t\t\t<\/a>\n\t\t\t\t\t\t<\/li>\n\t\t\t\t\t\t\t\t\t\t<li>\n\t\t\t\t\t\t\t<a href=\"javascript:;\" class=\"category\" data-filter=\"bhd\">\n\t\t\t\t\t\t\t\tBHD\t\t\t\t\t\t\t<\/a>\n\t\t\t\t\t\t<\/li>\n\t\t\t\t\t\t\t\t\t\t<li>\n\t\t\t\t\t\t\t<a href=\"javascript:;\" class=\"category\" data-filter=\"mr\">\n\t\t\t\t\t\t\t\tMR\t\t\t\t\t\t\t<\/a>\n\t\t\t\t\t\t<\/li>\n\t\t\t\t\t\t\t<\/ul>\n\t\t<\/div>\n\t\t\t\t\n\n\t\t\t\t<div class=\"premium-blog-wrap  premium-blog-even\" data-page=\"1803\">\n\t\t\t\t\t\t\t\t\t<div class=\"premium-blog-post-outer-container allgemein mr\" data-total=\"1\">\n\t\t\t<div class=\"premium-blog-post-container premium-blog-skin-classic\">\n\t\t\t\t\t\t\t\t\t<div class=\"premium-blog-thumb-effect-wrapper\">\n\t\t\t\t\t\t<div class=\"premium-blog-thumbnail-container premium-blog-zoomin-effect\">\n\t\t\t\t\t\t\t<img decoding=\"async\" width=\"2119\" height=\"1415\" src=\"https:\/\/www.bhd-mr-westfalen.de\/landesverband\/wp-content\/uploads\/sites\/10\/2026\/04\/Schadnagerbekaempfung-Coesfeld_Lizenz-erworben.jpg\" class=\"attachment-full size-full wp-image-3572\" alt=\"\" srcset=\"https:\/\/www.bhd-mr-westfalen.de\/landesverband\/wp-content\/uploads\/sites\/10\/2026\/04\/Schadnagerbekaempfung-Coesfeld_Lizenz-erworben.jpg 2119w, https:\/\/www.bhd-mr-westfalen.de\/landesverband\/wp-content\/uploads\/sites\/10\/2026\/04\/Schadnagerbekaempfung-Coesfeld_Lizenz-erworben-300x200.jpg 300w, https:\/\/www.bhd-mr-westfalen.de\/landesverband\/wp-content\/uploads\/sites\/10\/2026\/04\/Schadnagerbekaempfung-Coesfeld_Lizenz-erworben-1024x684.jpg 1024w, https:\/\/www.bhd-mr-westfalen.de\/landesverband\/wp-content\/uploads\/sites\/10\/2026\/04\/Schadnagerbekaempfung-Coesfeld_Lizenz-erworben-768x513.jpg 768w, https:\/\/www.bhd-mr-westfalen.de\/landesverband\/wp-content\/uploads\/sites\/10\/2026\/04\/Schadnagerbekaempfung-Coesfeld_Lizenz-erworben-1536x1026.jpg 1536w, https:\/\/www.bhd-mr-westfalen.de\/landesverband\/wp-content\/uploads\/sites\/10\/2026\/04\/Schadnagerbekaempfung-Coesfeld_Lizenz-erworben-2048x1368.jpg 2048w\" sizes=\"(max-width: 2119px) 100vw, 2119px\" \/>\t\t\t\t\t\t<\/div>\n\t\t\t\t\t\t\t\t\t\t\t\t\t<div class=\"premium-blog-thumbnail-overlay\">\n\t\t\t\t\t\t\t\t<a class=\"elementor-icon\" href=\"https:\/\/www.bhd-mr-westfalen.de\/landesverband\/neuerungen-in-sachen-schadnagerbekaempfung\/\" target=\"_self\"><\/a>\n\t\t\t\t\t\t\t<\/div>\n\n\t\t\t\t\t\t\t\t\t\t\t\t\t\t\t\t\t\t<\/div>\n\t\t\t\t\t\t\t\t\t\t\t\t<div class=\"premium-blog-content-wrapper \">\n\n\t\t\t\t\t<div class=\"premium-blog-inner-container\">\n\n\t\t\t\t\t\t\t\t\t\t\t\t\t\t<h2 class=\"premium-blog-entry-title\">\n\t\t\t<a href=\"https:\/\/www.bhd-mr-westfalen.de\/landesverband\/neuerungen-in-sachen-schadnagerbekaempfung\/\" target=\"_self\">\n\t\t\t\tNeuerungen in Sachen Schadnagerbek\u00e4mpfung\t\t\t<\/a>\n\t\t<\/h2>\n\t\t\t\t<div class=\"premium-blog-entry-meta\">\n\t\t\t\n\t\t\t\t\t\t\t<span class=\"premium-blog-meta-separator\">\u2022<\/span>\n\t\t\t\t<div class=\"premium-blog-post-time premium-blog-meta-data\">\n\t\t\t\t\t<i class=\"fa fa-calendar-alt\" aria-hidden=\"true\"><\/i>\n\t\t\t\t\t<span>28. April 2026<\/span>\n\t\t\t\t<\/div>\n\t\t\t\n\t\t\t\n\t\t\t\t\t<\/div>\n\t\t\n\t\t\t\t\t<\/div>\n\n\t\t\t\t\t\t\t<div class=\"premium-blog-content-inner-wrapper\">\n\t\t<p class=\"premium-blog-post-content\">Mit \u00c4nderung der Gefahrstoffverordnung zum 02.12.24 werden die Regeln f\u00fcr den Einsatz von Rodentiziden und die Dauerbek\u00f6derung derzeit grundlegend \u00fcberarbeitet. Der bisher<\/p><div class=\"premium-blog-excerpt-link-wrap\"><a href=\"https:\/\/www.bhd-mr-westfalen.de\/landesverband\/neuerungen-in-sachen-schadnagerbekaempfung\/\" target=\"_self\" class=\"premium-blog-excerpt-link elementor-button\">WEITERLESEN  \u2794<\/a><\/div>\t\t<\/div>\n\t\t\t\t\t\t\t\n\t\t\t\t<\/div>\n\t\t\t<\/div>\n\t\t<\/div>\n\n\t\t\t\t<div class=\"premium-blog-post-outer-container allgemein mr\" data-total=\"1\">\n\t\t\t<div class=\"premium-blog-post-container premium-blog-skin-classic\">\n\t\t\t\t\t\t\t\t\t<div class=\"premium-blog-thumb-effect-wrapper\">\n\t\t\t\t\t\t<div class=\"premium-blog-thumbnail-container premium-blog-zoomin-effect\">\n\t\t\t\t\t\t\t<img decoding=\"async\" width=\"1920\" height=\"2560\" src=\"https:\/\/www.bhd-mr-westfalen.de\/landesverband\/wp-content\/uploads\/sites\/10\/2026\/04\/20260203_134958-scaled.jpg\" class=\"attachment-full size-full wp-image-3567\" alt=\"\" srcset=\"https:\/\/www.bhd-mr-westfalen.de\/landesverband\/wp-content\/uploads\/sites\/10\/2026\/04\/20260203_134958-scaled.jpg 1920w, https:\/\/www.bhd-mr-westfalen.de\/landesverband\/wp-content\/uploads\/sites\/10\/2026\/04\/20260203_134958-scaled-225x300.jpg 225w, https:\/\/www.bhd-mr-westfalen.de\/landesverband\/wp-content\/uploads\/sites\/10\/2026\/04\/20260203_134958-scaled-768x1024.jpg 768w, https:\/\/www.bhd-mr-westfalen.de\/landesverband\/wp-content\/uploads\/sites\/10\/2026\/04\/20260203_134958-scaled-1152x1536.jpg 1152w, https:\/\/www.bhd-mr-westfalen.de\/landesverband\/wp-content\/uploads\/sites\/10\/2026\/04\/20260203_134958-scaled-1536x2048.jpg 1536w\" sizes=\"(max-width: 1920px) 100vw, 1920px\" \/>\t\t\t\t\t\t<\/div>\n\t\t\t\t\t\t\t\t\t\t\t\t\t<div class=\"premium-blog-thumbnail-overlay\">\n\t\t\t\t\t\t\t\t<a class=\"elementor-icon\" href=\"https:\/\/www.bhd-mr-westfalen.de\/landesverband\/agrarunternehmertage-2026-wir-sind-dabei\/\" target=\"_self\"><\/a>\n\t\t\t\t\t\t\t<\/div>\n\n\t\t\t\t\t\t\t\t\t\t\t\t\t\t\t\t\t\t<\/div>\n\t\t\t\t\t\t\t\t\t\t\t\t<div class=\"premium-blog-content-wrapper \">\n\n\t\t\t\t\t<div class=\"premium-blog-inner-container\">\n\n\t\t\t\t\t\t\t\t\t\t\t\t\t\t<h2 class=\"premium-blog-entry-title\">\n\t\t\t<a href=\"https:\/\/www.bhd-mr-westfalen.de\/landesverband\/agrarunternehmertage-2026-wir-sind-dabei\/\" target=\"_self\">\n\t\t\t\tAgrarunternehmertage 2026 &#8211; Wir waren dabei!\t\t\t<\/a>\n\t\t<\/h2>\n\t\t\t\t<div class=\"premium-blog-entry-meta\">\n\t\t\t\n\t\t\t\t\t\t\t<span class=\"premium-blog-meta-separator\">\u2022<\/span>\n\t\t\t\t<div class=\"premium-blog-post-time premium-blog-meta-data\">\n\t\t\t\t\t<i class=\"fa fa-calendar-alt\" aria-hidden=\"true\"><\/i>\n\t\t\t\t\t<span>5. Februar 2026<\/span>\n\t\t\t\t<\/div>\n\t\t\t\n\t\t\t\n\t\t\t\t\t<\/div>\n\t\t\n\t\t\t\t\t<\/div>\n\n\t\t\t\t\t\t\t<div class=\"premium-blog-content-inner-wrapper\">\n\t\t<p class=\"premium-blog-post-content\">Vom 03.-06. Februar 2026 fanden in M\u00fcnster wieder die Agrarunternehmertage statt. Das Leitthema an unserem Stand war &#8222;MeinAcker&#8220; &#8211; das Softwarepaket f\u00fcr<\/p><div class=\"premium-blog-excerpt-link-wrap\"><a href=\"https:\/\/www.bhd-mr-westfalen.de\/landesverband\/agrarunternehmertage-2026-wir-sind-dabei\/\" target=\"_self\" class=\"premium-blog-excerpt-link elementor-button\">WEITERLESEN  \u2794<\/a><\/div>\t\t<\/div>\n\t\t\t\t\t\t\t\n\t\t\t\t<\/div>\n\t\t\t<\/div>\n\t\t<\/div>\n\n\t\t\t\t<div class=\"premium-blog-post-outer-container allgemein mr\" data-total=\"1\">\n\t\t\t<div class=\"premium-blog-post-container premium-blog-skin-classic\">\n\t\t\t\t\t\t\t\t\t<div class=\"premium-blog-thumb-effect-wrapper\">\n\t\t\t\t\t\t<div class=\"premium-blog-thumbnail-container premium-blog-zoomin-effect\">\n\t\t\t\t\t\t\t<img loading=\"lazy\" decoding=\"async\" width=\"1920\" height=\"2560\" src=\"https:\/\/www.bhd-mr-westfalen.de\/landesverband\/wp-content\/uploads\/sites\/10\/2025\/08\/IMG-20250605-WA0016-scaled.jpg\" class=\"attachment-full size-full wp-image-3489\" alt=\"\" srcset=\"https:\/\/www.bhd-mr-westfalen.de\/landesverband\/wp-content\/uploads\/sites\/10\/2025\/08\/IMG-20250605-WA0016-scaled.jpg 1920w, https:\/\/www.bhd-mr-westfalen.de\/landesverband\/wp-content\/uploads\/sites\/10\/2025\/08\/IMG-20250605-WA0016-scaled-225x300.jpg 225w, https:\/\/www.bhd-mr-westfalen.de\/landesverband\/wp-content\/uploads\/sites\/10\/2025\/08\/IMG-20250605-WA0016-scaled-768x1024.jpg 768w, https:\/\/www.bhd-mr-westfalen.de\/landesverband\/wp-content\/uploads\/sites\/10\/2025\/08\/IMG-20250605-WA0016-scaled-1152x1536.jpg 1152w, https:\/\/www.bhd-mr-westfalen.de\/landesverband\/wp-content\/uploads\/sites\/10\/2025\/08\/IMG-20250605-WA0016-scaled-1536x2048.jpg 1536w\" sizes=\"(max-width: 1920px) 100vw, 1920px\" \/>\t\t\t\t\t\t<\/div>\n\t\t\t\t\t\t\t\t\t\t\t\t\t<div class=\"premium-blog-thumbnail-overlay\">\n\t\t\t\t\t\t\t\t<a class=\"elementor-icon\" href=\"https:\/\/www.bhd-mr-westfalen.de\/landesverband\/tag-der-maschinenringe-in-kiel\/\" target=\"_self\"><\/a>\n\t\t\t\t\t\t\t<\/div>\n\n\t\t\t\t\t\t\t\t\t\t\t\t\t\t\t\t\t\t<\/div>\n\t\t\t\t\t\t\t\t\t\t\t\t<div class=\"premium-blog-content-wrapper \">\n\n\t\t\t\t\t<div class=\"premium-blog-inner-container\">\n\n\t\t\t\t\t\t\t\t\t\t\t\t\t\t<h2 class=\"premium-blog-entry-title\">\n\t\t\t<a href=\"https:\/\/www.bhd-mr-westfalen.de\/landesverband\/tag-der-maschinenringe-in-kiel\/\" target=\"_self\">\n\t\t\t\tTag der Maschinenringe in Kiel\t\t\t<\/a>\n\t\t<\/h2>\n\t\t\t\t<div class=\"premium-blog-entry-meta\">\n\t\t\t\n\t\t\t\t\t\t\t<span class=\"premium-blog-meta-separator\">\u2022<\/span>\n\t\t\t\t<div class=\"premium-blog-post-time premium-blog-meta-data\">\n\t\t\t\t\t<i class=\"fa fa-calendar-alt\" aria-hidden=\"true\"><\/i>\n\t\t\t\t\t<span>12. Juni 2025<\/span>\n\t\t\t\t<\/div>\n\t\t\t\n\t\t\t\n\t\t\t\t\t<\/div>\n\t\t\n\t\t\t\t\t<\/div>\n\n\t\t\t\t\t\t\t<div class=\"premium-blog-content-inner-wrapper\">\n\t\t<p class=\"premium-blog-post-content\">Juni 2025: Wir waren dabei &#8211; beim Tag der Maschinenringe in Kiel vom 04.-06. Juni 2025. Mit \u00fcber 30 Leuten aus Westfalen-Lippe<\/p><div class=\"premium-blog-excerpt-link-wrap\"><a href=\"https:\/\/www.bhd-mr-westfalen.de\/landesverband\/tag-der-maschinenringe-in-kiel\/\" target=\"_self\" class=\"premium-blog-excerpt-link elementor-button\">WEITERLESEN  \u2794<\/a><\/div>\t\t<\/div>\n\t\t\t\t\t\t\t\n\t\t\t\t<\/div>\n\t\t\t<\/div>\n\t\t<\/div>\n\n\t\t\t\t<div class=\"premium-blog-post-outer-container allgemein mr\" data-total=\"1\">\n\t\t\t<div class=\"premium-blog-post-container premium-blog-skin-classic\">\n\t\t\t\t\t\t\t\t\t<div class=\"premium-blog-thumb-effect-wrapper\">\n\t\t\t\t\t\t<div class=\"premium-blog-thumbnail-container premium-blog-zoomin-effect\">\n\t\t\t\t\t\t\t<img loading=\"lazy\" decoding=\"async\" width=\"2560\" height=\"1920\" src=\"https:\/\/www.bhd-mr-westfalen.de\/landesverband\/wp-content\/uploads\/sites\/10\/2025\/08\/20250219_114151432_iOS-1-scaled.jpg\" class=\"attachment-full size-full wp-image-3492\" alt=\"\" srcset=\"https:\/\/www.bhd-mr-westfalen.de\/landesverband\/wp-content\/uploads\/sites\/10\/2025\/08\/20250219_114151432_iOS-1-scaled.jpg 2560w, https:\/\/www.bhd-mr-westfalen.de\/landesverband\/wp-content\/uploads\/sites\/10\/2025\/08\/20250219_114151432_iOS-1-scaled-300x225.jpg 300w, https:\/\/www.bhd-mr-westfalen.de\/landesverband\/wp-content\/uploads\/sites\/10\/2025\/08\/20250219_114151432_iOS-1-scaled-1024x768.jpg 1024w, https:\/\/www.bhd-mr-westfalen.de\/landesverband\/wp-content\/uploads\/sites\/10\/2025\/08\/20250219_114151432_iOS-1-scaled-768x576.jpg 768w, https:\/\/www.bhd-mr-westfalen.de\/landesverband\/wp-content\/uploads\/sites\/10\/2025\/08\/20250219_114151432_iOS-1-scaled-1536x1152.jpg 1536w, https:\/\/www.bhd-mr-westfalen.de\/landesverband\/wp-content\/uploads\/sites\/10\/2025\/08\/20250219_114151432_iOS-1-scaled-2048x1536.jpg 2048w\" sizes=\"(max-width: 2560px) 100vw, 2560px\" \/>\t\t\t\t\t\t<\/div>\n\t\t\t\t\t\t\t\t\t\t\t\t\t<div class=\"premium-blog-thumbnail-overlay\">\n\t\t\t\t\t\t\t\t<a class=\"elementor-icon\" href=\"https:\/\/www.bhd-mr-westfalen.de\/landesverband\/fuehrungskraefteseminar-der-bhd-mr\/\" target=\"_self\"><\/a>\n\t\t\t\t\t\t\t<\/div>\n\n\t\t\t\t\t\t\t\t\t\t\t\t\t\t\t\t\t\t<\/div>\n\t\t\t\t\t\t\t\t\t\t\t\t<div class=\"premium-blog-content-wrapper \">\n\n\t\t\t\t\t<div class=\"premium-blog-inner-container\">\n\n\t\t\t\t\t\t\t\t\t\t\t\t\t\t<h2 class=\"premium-blog-entry-title\">\n\t\t\t<a href=\"https:\/\/www.bhd-mr-westfalen.de\/landesverband\/fuehrungskraefteseminar-der-bhd-mr\/\" target=\"_self\">\n\t\t\t\tF\u00fchrungskr\u00e4fteseminar in Coesfeld\t\t\t<\/a>\n\t\t<\/h2>\n\t\t\t\t<div class=\"premium-blog-entry-meta\">\n\t\t\t\n\t\t\t\t\t\t\t<span class=\"premium-blog-meta-separator\">\u2022<\/span>\n\t\t\t\t<div class=\"premium-blog-post-time premium-blog-meta-data\">\n\t\t\t\t\t<i class=\"fa fa-calendar-alt\" aria-hidden=\"true\"><\/i>\n\t\t\t\t\t<span>6. M\u00e4rz 2025<\/span>\n\t\t\t\t<\/div>\n\t\t\t\n\t\t\t\n\t\t\t\t\t<\/div>\n\t\t\n\t\t\t\t\t<\/div>\n\n\t\t\t\t\t\t\t<div class=\"premium-blog-content-inner-wrapper\">\n\t\t<p class=\"premium-blog-post-content\">Mitarbeiter des Landesverbands, Gesch\u00e4ftsf\u00fchrer und Ehrenamtsvertreter der einzelnen Ringe aus Westfalen-Lippe hielten von 18. bis 19. Februar 2025 eine Klausurtagung in der<\/p><div class=\"premium-blog-excerpt-link-wrap\"><a href=\"https:\/\/www.bhd-mr-westfalen.de\/landesverband\/fuehrungskraefteseminar-der-bhd-mr\/\" target=\"_self\" class=\"premium-blog-excerpt-link elementor-button\">WEITERLESEN  \u2794<\/a><\/div>\t\t<\/div>\n\t\t\t\t\t\t\t\n\t\t\t\t<\/div>\n\t\t\t<\/div>\n\t\t<\/div>\n\n\t\t\t\t<div class=\"premium-blog-post-outer-container allgemein mr\" data-total=\"1\">\n\t\t\t<div class=\"premium-blog-post-container premium-blog-skin-classic\">\n\t\t\t\t\t\t\t\t\t<div class=\"premium-blog-thumb-effect-wrapper\">\n\t\t\t\t\t\t<div class=\"premium-blog-thumbnail-container premium-blog-zoomin-effect\">\n\t\t\t\t\t\t\t<img loading=\"lazy\" decoding=\"async\" width=\"1350\" height=\"1000\" src=\"https:\/\/www.bhd-mr-westfalen.de\/landesverband\/wp-content\/uploads\/sites\/10\/2024\/01\/landwirte-sind-immer-mehr-die-energiewender.jpg\" class=\"attachment-full size-full wp-image-3309\" alt=\"Der Landwirt wird immer mehr Energiewender\" srcset=\"https:\/\/www.bhd-mr-westfalen.de\/landesverband\/wp-content\/uploads\/sites\/10\/2024\/01\/landwirte-sind-immer-mehr-die-energiewender.jpg 1350w, https:\/\/www.bhd-mr-westfalen.de\/landesverband\/wp-content\/uploads\/sites\/10\/2024\/01\/landwirte-sind-immer-mehr-die-energiewender-300x222.jpg 300w, https:\/\/www.bhd-mr-westfalen.de\/landesverband\/wp-content\/uploads\/sites\/10\/2024\/01\/landwirte-sind-immer-mehr-die-energiewender-1024x759.jpg 1024w, https:\/\/www.bhd-mr-westfalen.de\/landesverband\/wp-content\/uploads\/sites\/10\/2024\/01\/landwirte-sind-immer-mehr-die-energiewender-768x569.jpg 768w\" sizes=\"(max-width: 1350px) 100vw, 1350px\" \/>\t\t\t\t\t\t<\/div>\n\t\t\t\t\t\t\t\t\t\t\t\t\t<div class=\"premium-blog-thumbnail-overlay\">\n\t\t\t\t\t\t\t\t<a class=\"elementor-icon\" href=\"https:\/\/www.bhd-mr-westfalen.de\/landesverband\/erneuerbare-energie-hoch-im-kurs\/\" target=\"_self\"><\/a>\n\t\t\t\t\t\t\t<\/div>\n\n\t\t\t\t\t\t\t\t\t\t\t\t\t\t\t\t\t\t<\/div>\n\t\t\t\t\t\t\t\t\t\t\t\t<div class=\"premium-blog-content-wrapper \">\n\n\t\t\t\t\t<div class=\"premium-blog-inner-container\">\n\n\t\t\t\t\t\t\t\t\t\t\t\t\t\t<h2 class=\"premium-blog-entry-title\">\n\t\t\t<a href=\"https:\/\/www.bhd-mr-westfalen.de\/landesverband\/erneuerbare-energie-hoch-im-kurs\/\" target=\"_self\">\n\t\t\t\tErneuerbare Energie hoch im Kurs\t\t\t<\/a>\n\t\t<\/h2>\n\t\t\t\t<div class=\"premium-blog-entry-meta\">\n\t\t\t\n\t\t\t\t\t\t\t<span class=\"premium-blog-meta-separator\">\u2022<\/span>\n\t\t\t\t<div class=\"premium-blog-post-time premium-blog-meta-data\">\n\t\t\t\t\t<i class=\"fa fa-calendar-alt\" aria-hidden=\"true\"><\/i>\n\t\t\t\t\t<span>29. Januar 2024<\/span>\n\t\t\t\t<\/div>\n\t\t\t\n\t\t\t\n\t\t\t\t\t<\/div>\n\t\t\n\t\t\t\t\t<\/div>\n\n\t\t\t\t\t\t\t<div class=\"premium-blog-content-inner-wrapper\">\n\t\t<p class=\"premium-blog-post-content\">Neues Jahr, neue Chancen, neue Gesch\u00e4ftsfelder. Viele Landwirte nutzen den Jahreswechsel zum Nachdenken: Ist mein Betrieb f\u00fcr die Zukunft gut ger\u00fcstet? Wie kann ich k\u00fcnftig die Wertsch\u00f6pfung meines Hofs steigern? Auf diese Fragen gibt es nicht nur eine Antwort \u2013 denn der Strukturwandel und die Diversifizierung der landwirtschaftlichen Betriebe werden nach Expertenmeinung weiter voranschreiten.<\/p><div class=\"premium-blog-excerpt-link-wrap\"><a href=\"https:\/\/www.bhd-mr-westfalen.de\/landesverband\/erneuerbare-energie-hoch-im-kurs\/\" target=\"_self\" class=\"premium-blog-excerpt-link elementor-button\">WEITERLESEN  \u2794<\/a><\/div>\t\t<\/div>\n\t\t\t\t\t\t\t\n\t\t\t\t<\/div>\n\t\t\t<\/div>\n\t\t<\/div>\n\n\t\t\t\t\t\t\t<\/div>\n\n\t\t\n\t\t\n\t\t\t\t\t\t<\/div>\n\t\t\t\t<\/div>\n\t\t\t\t\t<\/div>\n\t\t\t\t<\/div>\n\t\t<div class=\"elementor-element elementor-element-33a2491 e-flex e-con-boxed e-con e-parent\" data-id=\"33a2491\" data-element_type=\"container\" data-e-type=\"container\">\n\t\t\t\t\t<div class=\"e-con-inner\">\n\t\t\t\t<div class=\"elementor-element elementor-element-e90e3aa elementor-widget elementor-widget-heading\" data-id=\"e90e3aa\" data-element_type=\"widget\" data-e-type=\"widget\" data-widget_type=\"heading.default\">\n\t\t\t\t<div class=\"elementor-widget-container\">\n\t\t\t\t\t<h2 class=\"elementor-heading-title elementor-size-default\">Die Maschinenringe in Westfalen-Lippe<\/h2>\t\t\t\t<\/div>\n\t\t\t\t<\/div>\n\t\t\t\t\t<\/div>\n\t\t\t\t<\/div>\n\t\t<div class=\"elementor-element elementor-element-142dd9b e-con-full e-flex e-con e-parent\" data-id=\"142dd9b\" data-element_type=\"container\" data-e-type=\"container\">\n\t\t\t\t<div class=\"elementor-element elementor-element-765b779 elementor-widget elementor-widget-global elementor-global-3496 elementor-widget-premium-addon-maps\" data-id=\"765b779\" data-element_type=\"widget\" data-e-type=\"widget\" data-widget_type=\"premium-addon-maps.default\">\n\t\t\t\t<div class=\"elementor-widget-container\">\n\t\t\t\t\t\n\t<div class=\"premium-maps-container\" id=\"premium-maps-container\">\n\n\t\t\n\t\t\t<div class=\"premium_maps_map_height premium-addons__v-hidden\" data-settings=\"{&quot;mapId&quot;:&quot;&quot;,&quot;maptype&quot;:&quot;roadmap&quot;,&quot;streetViewControl&quot;:false,&quot;centerlat&quot;:&quot;51.9563994&quot;,&quot;centerlong&quot;:&quot;7.6292887&quot;,&quot;scrollwheel&quot;:false,&quot;fullScreen&quot;:false,&quot;zoomControl&quot;:true,&quot;typeControl&quot;:false,&quot;automaticOpen&quot;:false,&quot;hoverOpen&quot;:false,&quot;hoverClose&quot;:false,&quot;cluster&quot;:false,&quot;cluster_icon&quot;:&quot;&quot;,&quot;cluster_icon_size&quot;:&quot;&quot;,&quot;drag&quot;:&quot;&quot;,&quot;loadScroll&quot;:&quot;&quot;,&quot;linkedCarouselId&quot;:&quot;&quot;}\" data-style=\"\">\n\t\t\t\t\n\t\t\t<div class=\"premium-pin elementor-invisible\" data-lng=\"6.865192899999999\" data-lat=\"51.8580796\" data-icon=\"https:\/\/www.bhd-mr-westfalen.de\/wp-content\/uploads\/2023\/10\/mr-logo-negativ-locator.svg\" data-icon-size=\"59\" data-max-width=\"1000\" data-activated=\"\">\n\t\t\t\t\t\t\t\t\t<div class='premium-maps-info-container'>\n\n\t\t\t\t\t\t<div class='premium-maps-title-wrap'>\n\t\t\t\t\t\t\t<p class='premium-maps-info-title'>BHD\/MR Westm\u00fcnsterland e.V.<\/p>\n\t\t\t\t\t\t<\/div>\n\n\t\t\t\t\t\t<div class='premium-maps-info-desc'>\n\t\t\t\t\t\t\t<p>Ahauser Str. 73<br \/>46325 Borken<\/p><p>Standort Borken<br \/>Tel.: 02861 \/ 892-00<\/p><p>Standort Ahaus<br \/>Tel.: 02561 \/ 9394-0<\/p><p>info@bhd-westmuensterland.de<\/p>\t\t\t\t\t\t<\/div>\n\n\t\t\t\t\t<\/div>\n\t\t\t\t\t\t\t<\/div>\n\n\t\t\n\t\t\t\t\t\n\t\t\t<div class=\"premium-pin elementor-invisible\" data-lng=\"7.1585211\" data-lat=\"51.9429738\" data-icon=\"https:\/\/www.bhd-mr-westfalen.de\/wp-content\/uploads\/2023\/10\/mr-logo-negativ-locator.svg\" data-icon-size=\"59\" data-max-width=\"1000\" data-activated=\"\">\n\t\t\t\t\t\t\t\t\t<div class='premium-maps-info-container'>\n\n\t\t\t\t\t\t<div class='premium-maps-title-wrap'>\n\t\t\t\t\t\t\t<p class='premium-maps-info-title'>Betriebs-, Familienhilfsdienst und<br \/>Maschinenring Coesfeld e.V.<\/p>\n\t\t\t\t\t\t<\/div>\n\n\t\t\t\t\t\t<div class='premium-maps-info-desc'>\n\t\t\t\t\t\t\t<p>Borkener Stra\u00dfe 27b<br \/>48653 Coesfeld<\/p><p>Tel.: 02541\/84461-0<br \/>E-Mail: info@bhd-coesfeld.de<\/p>\t\t\t\t\t\t<\/div>\n\n\t\t\t\t\t<\/div>\n\t\t\t\t\t\t\t<\/div>\n\n\t\t\n\t\t\t\t\t\n\t\t\t<div class=\"premium-pin elementor-invisible\" data-lng=\"7.4657488\" data-lat=\"51.2616984\" data-icon=\"https:\/\/www.bhd-mr-westfalen.de\/wp-content\/uploads\/2023\/10\/mr-logo-negativ-locator.svg\" data-icon-size=\"59\" data-max-width=\"1000\" data-activated=\"\">\n\t\t\t\t\t\t\t\t\t<div class='premium-maps-info-container'>\n\n\t\t\t\t\t\t<div class='premium-maps-title-wrap'>\n\t\t\t\t\t\t\t<p class='premium-maps-info-title'>Betriebshilfsdienst und Maschinenring<br \/>Ennepe Ruhr-Hagen-M\u00e4rkischer Kreis e.V.<\/p>\n\t\t\t\t\t\t<\/div>\n\n\t\t\t\t\t\t<div class='premium-maps-info-desc'>\n\t\t\t\t\t\t\t<p>Alter Ostring<br \/>58339 Breckerfeld<\/p><p>Tel.: 02338 617179-1<br \/>E-Mail: urspruch@bhd-breckerfeld.de<\/p>\t\t\t\t\t\t<\/div>\n\n\t\t\t\t\t<\/div>\n\t\t\t\t\t\t\t<\/div>\n\n\t\t\n\t\t\t\t\t\n\t\t\t<div class=\"premium-pin elementor-invisible\" data-lng=\"8.365715980529785\" data-lat=\"51.90452575683594\" data-icon=\"https:\/\/www.bhd-mr-westfalen.de\/wp-content\/uploads\/2023\/10\/mr-logo-negativ-locator.svg\" data-icon-size=\"59\" data-max-width=\"1000\" data-activated=\"\">\n\t\t\t\t\t\t\t\t\t<div class='premium-maps-info-container'>\n\n\t\t\t\t\t\t<div class='premium-maps-title-wrap'>\n\t\t\t\t\t\t\t<p class='premium-maps-info-title'>Betriebshilfsdienst G\u00fctersloh e.V.<\/p>\n\t\t\t\t\t\t<\/div>\n\n\t\t\t\t\t\t<div class='premium-maps-info-desc'>\n\t\t\t\t\t\t\t<p>Herzebrocker Stra\u00dfe 17<br \/>33330 G\u00fctersloh<\/p><p>Telefon: 05241 \u2013 998071-6<br \/>E-Mail: info@bhd-mr-owl.de<\/p>\t\t\t\t\t\t<\/div>\n\n\t\t\t\t\t<\/div>\n\t\t\t\t\t\t\t<\/div>\n\n\t\t\n\t\t\t\t\t\n\t\t\t<div class=\"premium-pin elementor-invisible\" data-lng=\"8.2813577\" data-lat=\"51.3590779\" data-icon=\"https:\/\/www.bhd-mr-westfalen.de\/wp-content\/uploads\/2023\/10\/mr-logo-negativ-locator.svg\" data-icon-size=\"59\" data-max-width=\"1000\" data-activated=\"\">\n\t\t\t\t\t\t\t\t\t<div class='premium-maps-info-container'>\n\n\t\t\t\t\t\t<div class='premium-maps-title-wrap'>\n\t\t\t\t\t\t\t<p class='premium-maps-info-title'>Betriebshilfsdienst und Maschinenring<br \/>Hochsauerland e.V.<\/p>\n\t\t\t\t\t\t<\/div>\n\n\t\t\t\t\t\t<div class='premium-maps-info-desc'>\n\t\t\t\t\t\t\t<p>D\u00fcnnefeldweg 13<br \/>59872 Meschede<\/p><p>Tel.: 0291\/9993-24<br \/>E-Mail: bhd-hsk@t-online.de<\/p>\t\t\t\t\t\t<\/div>\n\n\t\t\t\t\t<\/div>\n\t\t\t\t\t\t\t<\/div>\n\n\t\t\n\t\t\t\t\t\n\t\t\t<div class=\"premium-pin elementor-invisible\" data-lng=\"9.1781792\" data-lat=\"51.7159107\" data-icon=\"https:\/\/www.bhd-mr-westfalen.de\/wp-content\/uploads\/2023\/10\/mr-logo-negativ-locator.svg\" data-icon-size=\"59\" data-max-width=\"1000\" data-activated=\"\">\n\t\t\t\t\t\t\t\t\t<div class='premium-maps-info-container'>\n\n\t\t\t\t\t\t<div class='premium-maps-title-wrap'>\n\t\t\t\t\t\t\t<p class='premium-maps-info-title'>Betriebshilfsdienst und Maschinenring<br \/>H\u00f6xter und Warburg e.V.<\/p>\n\t\t\t\t\t\t<\/div>\n\n\t\t\t\t\t\t<div class='premium-maps-info-desc'>\n\t\t\t\t\t\t\t<p>Bohlenweg 3<br \/>33034 Brakel<\/p><p>Tel.: 05272\/54 02<br \/>E-Mail: Betriebshilfsdienst@mr-hoexter-warburg.com<\/p>\t\t\t\t\t\t<\/div>\n\n\t\t\t\t\t<\/div>\n\t\t\t\t\t\t\t<\/div>\n\n\t\t\n\t\t\t\t\t\n\t\t\t<div class=\"premium-pin elementor-invisible\" data-lng=\"8.1180747\" data-lat=\"51.5742404\" data-icon=\"https:\/\/www.bhd-mr-westfalen.de\/wp-content\/uploads\/2023\/10\/mr-logo-negativ-locator.svg\" data-icon-size=\"59\" data-max-width=\"1000\" data-activated=\"\">\n\t\t\t\t\t\t\t\t\t<div class='premium-maps-info-container'>\n\n\t\t\t\t\t\t<div class='premium-maps-title-wrap'>\n\t\t\t\t\t\t\t<p class='premium-maps-info-title'>Landw. Betriebshilfsdienst und <br \/>Maschinenring Lippstadt-Soest e.V.<\/p>\n\t\t\t\t\t\t<\/div>\n\n\t\t\t\t\t\t<div class='premium-maps-info-desc'>\n\t\t\t\t\t\t\t<p>Nottebohmweg 13<br \/>59494 Soest<\/p><p>Tel.: 02921\/36 76 15<br \/>E-Mail: mr-lippstadt-soest@web.de<\/p>\t\t\t\t\t\t<\/div>\n\n\t\t\t\t\t<\/div>\n\t\t\t\t\t\t\t<\/div>\n\n\t\t\n\t\t\t\t\t\n\t\t\t<div class=\"premium-pin elementor-invisible\" data-lng=\"7.433132\" data-lat=\"51.7692876\" data-icon=\"https:\/\/www.bhd-mr-westfalen.de\/wp-content\/uploads\/2023\/10\/mr-logo-negativ-locator.svg\" data-icon-size=\"59\" data-max-width=\"1000\" data-activated=\"\">\n\t\t\t\t\t\t\t\t\t<div class='premium-maps-info-container'>\n\n\t\t\t\t\t\t<div class='premium-maps-title-wrap'>\n\t\t\t\t\t\t\t<p class='premium-maps-info-title'>Landw. Betriebs-, Familienhilfsdienst und<br \/> Maschinenring L\u00fcdinghausen e.V.<\/p>\n\t\t\t\t\t\t<\/div>\n\n\t\t\t\t\t\t<div class='premium-maps-info-desc'>\n\t\t\t\t\t\t\t<p>Nottengartenweg 6<br \/>59348 L\u00fcdinghausen<\/p><p>Tel.: 02591\/91 55 50<br \/>E-Mail: karl-heinz.ermann@wlv.de<\/p>\t\t\t\t\t\t<\/div>\n\n\t\t\t\t\t<\/div>\n\t\t\t\t\t\t\t<\/div>\n\n\t\t\n\t\t\t\t\t\n\t\t\t<div class=\"premium-pin elementor-invisible\" data-lng=\"8.8725298\" data-lat=\"52.33744\" data-icon=\"https:\/\/www.bhd-mr-westfalen.de\/wp-content\/uploads\/2023\/10\/mr-logo-negativ-locator.svg\" data-icon-size=\"59\" data-max-width=\"1000\" data-activated=\"\">\n\t\t\t\t\t\t\t\t\t<div class='premium-maps-info-container'>\n\n\t\t\t\t\t\t<div class='premium-maps-title-wrap'>\n\t\t\t\t\t\t\t<p class='premium-maps-info-title'>Landw. Betriebshilfsdienst und <br \/>Maschinenring Minden e.V.<\/p>\n\t\t\t\t\t\t<\/div>\n\n\t\t\t\t\t\t<div class='premium-maps-info-desc'>\n\t\t\t\t\t\t\t<p>Stemmer Landstra\u00dfe 151<br \/>32425 Minden<\/p><p>Tel.: 05221\/17 81 14 <br \/>E-Mail: bhd-minden@web.de<\/p>\t\t\t\t\t\t<\/div>\n\n\t\t\t\t\t<\/div>\n\t\t\t\t\t\t\t<\/div>\n\n\t\t\n\t\t\t\t\t\n\t\t\t<div class=\"premium-pin elementor-invisible\" data-lng=\"8.5905886\" data-lat=\"51.6767502\" data-icon=\"https:\/\/www.bhd-mr-westfalen.de\/wp-content\/uploads\/2023\/10\/mr-logo-negativ-locator.svg\" data-icon-size=\"59\" data-max-width=\"1000\" data-activated=\"\">\n\t\t\t\t\t\t\t\t\t<div class='premium-maps-info-container'>\n\n\t\t\t\t\t\t<div class='premium-maps-title-wrap'>\n\t\t\t\t\t\t\t<p class='premium-maps-info-title'>Betriebshilfsdienst und Maschinenring<br \/>Paderborn-B\u00fcren e.V.<\/p>\n\t\t\t\t\t\t<\/div>\n\n\t\t\t\t\t\t<div class='premium-maps-info-desc'>\n\t\t\t\t\t\t\t<p>Am Grarock 21<br \/>33154 Salzkotten<\/p><p>Tel.: 05258\/975741-0<br \/>E-Mail: info@bhd-mr-paderborn.de<\/p>\t\t\t\t\t\t<\/div>\n\n\t\t\t\t\t<\/div>\n\t\t\t\t\t\t\t<\/div>\n\n\t\t\n\t\t\t\t\t\n\t\t\t<div class=\"premium-pin elementor-invisible\" data-lng=\"8.6490163\" data-lat=\"52.0652483\" data-icon=\"https:\/\/www.bhd-mr-westfalen.de\/wp-content\/uploads\/2023\/10\/mr-logo-negativ-locator.svg\" data-icon-size=\"59\" data-max-width=\"1000\" data-activated=\"\">\n\t\t\t\t\t\t\t\t\t<div class='premium-maps-info-container'>\n\n\t\t\t\t\t\t<div class='premium-maps-title-wrap'>\n\t\t\t\t\t\t\t<p class='premium-maps-info-title'>Betriebshilfsdienst und Maschinenring<br \/>Ravensberg-Lippe e.V.<\/p>\n\t\t\t\t\t\t<\/div>\n\n\t\t\t\t\t\t<div class='premium-maps-info-desc'>\n\t\t\t\t\t\t\t<p>Auf der Helle 16<br \/>32052 Herford<\/p><p>Tel.: 05221\/17 81 14<br \/>E-Mail: bhd-herford@gmx.de<\/p>\t\t\t\t\t\t<\/div>\n\n\t\t\t\t\t<\/div>\n\t\t\t\t\t\t\t<\/div>\n\n\t\t\n\t\t\t\t\t\n\t\t\t<div class=\"premium-pin elementor-invisible\" data-lng=\"7.2007073\" data-lat=\"51.6199942\" data-icon=\"https:\/\/www.bhd-mr-westfalen.de\/wp-content\/uploads\/2023\/10\/mr-logo-negativ-locator.svg\" data-icon-size=\"59\" data-max-width=\"1000\" data-activated=\"\">\n\t\t\t\t\t\t\t\t\t<div class='premium-maps-info-container'>\n\n\t\t\t\t\t\t<div class='premium-maps-title-wrap'>\n\t\t\t\t\t\t\t<p class='premium-maps-info-title'>Landw. Betriebs- und Familienhilfsdienst<br \/>im Vest Recklinghausen e.V.<\/p>\n\t\t\t\t\t\t<\/div>\n\n\t\t\t\t\t\t<div class='premium-maps-info-desc'>\n\t\t\t\t\t\t\t<p>B\u00f6rster Weg 20<br \/>45657 Recklinghausen<\/p><p>Tel.: 02361\/10 35 13<br \/>E-Mail: info-re@wlv.de<\/p>\t\t\t\t\t\t<\/div>\n\n\t\t\t\t\t<\/div>\n\t\t\t\t\t\t\t<\/div>\n\n\t\t\n\t\t\t\t\t\n\t\t\t<div class=\"premium-pin elementor-invisible\" data-lng=\"7.7247119\" data-lat=\"51.5350914\" data-icon=\"https:\/\/www.bhd-mr-westfalen.de\/wp-content\/uploads\/2023\/10\/mr-logo-negativ-locator.svg\" data-icon-size=\"59\" data-max-width=\"1000\" data-activated=\"\">\n\t\t\t\t\t\t\t\t\t<div class='premium-maps-info-container'>\n\n\t\t\t\t\t\t<div class='premium-maps-title-wrap'>\n\t\t\t\t\t\t\t<p class='premium-maps-info-title'>Betriebshilfsdienst und Maschinenring<br \/>Ruhr-Lippe in Unna e.V.<\/p>\n\t\t\t\t\t\t<\/div>\n\n\t\t\t\t\t\t<div class='premium-maps-info-desc'>\n\t\t\t\t\t\t\t<p>Marie-Curie-Stra\u00dfe 6<br \/>59423 Unna<\/p><p>Tel.: 02303\/25310-50<br \/>E-Mail: info@agrarservice-suedwestfalen.de<\/p>\t\t\t\t\t\t<\/div>\n\n\t\t\t\t\t<\/div>\n\t\t\t\t\t\t\t<\/div>\n\n\t\t\n\t\t\t\t\t\n\t\t\t<div class=\"premium-pin elementor-invisible\" data-lng=\"8.0261369\" data-lat=\"50.9609229\" data-icon=\"https:\/\/www.bhd-mr-westfalen.de\/wp-content\/uploads\/2023\/10\/mr-logo-negativ-locator.svg\" data-icon-size=\"59\" data-max-width=\"1000\" data-activated=\"\">\n\t\t\t\t\t\t\t\t\t<div class='premium-maps-info-container'>\n\n\t\t\t\t\t\t<div class='premium-maps-title-wrap'>\n\t\t\t\t\t\t\t<p class='premium-maps-info-title'>Betriebshilfsdienst und Maschinenring<br \/>Siegen-Wittgenstein e.V.<\/p>\n\t\t\t\t\t\t<\/div>\n\n\t\t\t\t\t\t<div class='premium-maps-info-desc'>\n\t\t\t\t\t\t\t<p>In der Zitzenbach 2<br \/>57223 Kreuztal<\/p>\t\t\t\t\t\t<\/div>\n\n\t\t\t\t\t<\/div>\n\t\t\t\t\t\t\t<\/div>\n\n\t\t\n\t\t\t\t\t\n\t\t\t<div class=\"premium-pin elementor-invisible\" data-lng=\" 7.619022340246824\" data-lat=\"52.17483342333891\" data-icon=\"https:\/\/www.bhd-mr-westfalen.de\/wp-content\/uploads\/2023\/10\/mr-logo-negativ-locator.svg\" data-icon-size=\"59\" data-max-width=\"1000\" data-activated=\"\">\n\t\t\t\t\t\t\t\t\t<div class='premium-maps-info-container'>\n\n\t\t\t\t\t\t<div class='premium-maps-title-wrap'>\n\t\t\t\t\t\t\t<p class='premium-maps-info-title'>Betriebshilfsdienst und Maschinenring<br \/>Steinfurt-Bentheim e.V.<\/p>\n\t\t\t\t\t\t<\/div>\n\n\t\t\t\t\t\t<div class='premium-maps-info-desc'>\n\t\t\t\t\t\t\t<p>Hembergener Stra\u00dfe 10<br \/>48369 Saerbeck<\/p><p>Tel.: 02574\/93 910-0<br \/>E-Mail: info@betriebshilfe.de<\/p>\t\t\t\t\t\t<\/div>\n\n\t\t\t\t\t<\/div>\n\t\t\t\t\t\t\t<\/div>\n\n\t\t\n\t\t\t\t\t\n\t\t\t<div class=\"premium-pin elementor-invisible\" data-lng=\"7.985416889190674\" data-lat=\"51.939491271972656\" data-icon=\"https:\/\/www.bhd-mr-westfalen.de\/wp-content\/uploads\/2023\/10\/mr-logo-negativ-locator.svg\" data-icon-size=\"59\" data-max-width=\"1000\" data-activated=\"\">\n\t\t\t\t\t\t\t\t\t<div class='premium-maps-info-container'>\n\n\t\t\t\t\t\t<div class='premium-maps-title-wrap'>\n\t\t\t\t\t\t\t<p class='premium-maps-info-title'>Landw. Betriebshilfsdienst und Maschinenring<br \/>Warendorf-M\u00fcnster e.V.<\/p>\n\t\t\t\t\t\t<\/div>\n\n\t\t\t\t\t\t<div class='premium-maps-info-desc'>\n\t\t\t\t\t\t\t<p>Waldenburger Stra\u00dfe 8<br \/>48231 Warendorf<\/p><p>Tel.: 02581\/988 42-15-12<br \/>E-Mail: info@bhd-mr-waf.de<\/p>\t\t\t\t\t\t<\/div>\n\n\t\t\t\t\t<\/div>\n\t\t\t\t\t\t\t<\/div>\n\n\t\t\n\t\t\t\t\t\n\t\t\t<div class=\"premium-pin elementor-invisible\" data-lng=\"7.6292887\" data-lat=\"51.9563994\" data-icon=\"https:\/\/www.bhd-mr-westfalen.de\/wp-content\/uploads\/2023\/10\/mr-logo-negativ-locator.svg\" data-icon-size=\"59\" data-max-width=\"1000\" data-activated=\"\">\n\t\t\t\t\t\t\t\t\t<div class='premium-maps-info-container'>\n\n\t\t\t\t\t\t<div class='premium-maps-title-wrap'>\n\t\t\t\t\t\t\t<p class='premium-maps-info-title'>Landesverband der BHD\/MR<br \/>in Westfalen-Lippe e.V.<\/p>\n\t\t\t\t\t\t<\/div>\n\n\t\t\t\t\t\t<div class='premium-maps-info-desc'>\n\t\t\t\t\t\t\t<p>Schorlemerstra\u00dfe 15<br \/>48143 M\u00fcnster<\/p><p>Tel.: 0251 4175-122<br \/>E-Mail: info@www.bhd-mr-westfalen.de<\/p>\t\t\t\t\t\t<\/div>\n\n\t\t\t\t\t<\/div>\n\t\t\t\t\t\t\t<\/div>\n\n\t\t\n\t\t\t\t\t\n\t\t\t<\/div>\n\n\t\t\n\t<\/div>\n\n\t\t\t\t\t\t<\/div>\n\t\t\t\t<\/div>\n\t\t\t\t<\/div>\n\t\t\t\t<\/div>\n\t\t","protected":false},"excerpt":{"rendered":"<p>News und Termine Alle Allgemein BHD MR Agrarunternehmertage 2026 &#8211; Wir sind dabei! \u2022 14. August 2025 Vom 03.-06. Februar 2026 finden in M\u00fcnster wieder die Agrarunternehmertage statt. Rund 20.000 m\u00b2 Ausstellungsfl\u00e4che, ca. 370 Aussteller und \u00fcber 30.000 Besucher WEITERLESEN \u2794 Tag der Maschinenringe in Kiel \u2022 12. Juni 2025 Juni 2025: Wir waren dabei [&hellip;]<\/p>\n","protected":false},"author":2,"featured_media":0,"parent":0,"menu_order":0,"comment_status":"closed","ping_status":"closed","template":"","meta":{"footnotes":""},"class_list":["post-1803","page","type-page","status-publish","hentry"],"_links":{"self":[{"href":"https:\/\/www.bhd-mr-westfalen.de\/landesverband\/wp-json\/wp\/v2\/pages\/1803","targetHints":{"allow":["GET"]}}],"collection":[{"href":"https:\/\/www.bhd-mr-westfalen.de\/landesverband\/wp-json\/wp\/v2\/pages"}],"about":[{"href":"https:\/\/www.bhd-mr-westfalen.de\/landesverband\/wp-json\/wp\/v2\/types\/page"}],"author":[{"embeddable":true,"href":"https:\/\/www.bhd-mr-westfalen.de\/landesverband\/wp-json\/wp\/v2\/users\/2"}],"replies":[{"embeddable":true,"href":"https:\/\/www.bhd-mr-westfalen.de\/landesverband\/wp-json\/wp\/v2\/comments?post=1803"}],"version-history":[{"count":12,"href":"https:\/\/www.bhd-mr-westfalen.de\/landesverband\/wp-json\/wp\/v2\/pages\/1803\/revisions"}],"predecessor-version":[{"id":3546,"href":"https:\/\/www.bhd-mr-westfalen.de\/landesverband\/wp-json\/wp\/v2\/pages\/1803\/revisions\/3546"}],"wp:attachment":[{"href":"https:\/\/www.bhd-mr-westfalen.de\/landesverband\/wp-json\/wp\/v2\/media?parent=1803"}],"curies":[{"name":"wp","href":"https:\/\/api.w.org\/{rel}","templated":true}]}}